{"id":546,"date":"2014-03-12T01:18:10","date_gmt":"2014-03-12T01:18:10","guid":{"rendered":"http:\/\/fia2014.acusticauach.cl\/?page_id=546"},"modified":"2014-06-14T20:48:52","modified_gmt":"2014-06-15T00:48:52","slug":"invitacion","status":"publish","type":"page","link":"https:\/\/www.fia2014.cl\/?page_id=546","title":{"rendered":"Sesiones T\u00e9cnicas"},"content":{"rendered":"<div id=\"attachment_550\" style=\"width: 610px\" class=\"wp-caption aligncenter\"><img loading=\"lazy\" decoding=\"async\" aria-describedby=\"caption-attachment-550\" class=\"size-full wp-image-550\" alt=\"Valdivia Chile\" src=\"http:\/\/www.fia2014.cl\/wp-content\/uploads\/vald2.jpg\" width=\"600\" height=\"360\" srcset=\"https:\/\/www.fia2014.cl\/wp-content\/uploads\/vald2.jpg 600w, https:\/\/www.fia2014.cl\/wp-content\/uploads\/vald2-300x180.jpg 300w, https:\/\/www.fia2014.cl\/wp-content\/uploads\/vald2-125x75.jpg 125w\" sizes=\"auto, (max-width: 600px) 100vw, 600px\" \/><p id=\"caption-attachment-550\" class=\"wp-caption-text\">Valdivia Chile<\/p><\/div>\n<div class=\"one-half\">La organizaci\u00f3n de Noveno Congreso Iberoamericano de Ac\u00fastica est\u00e1 a cargo de la Sociedad Chilena de Ac\u00fastica en conjunto con el Instituto de Ac\u00fastica y la Escuela de Ingenier\u00eda Ac\u00fastica de la Universidad Austral de Chile (AcusticaUACh).<\/p>\n<p>El Congreso se realizar\u00e1 los d\u00edas 1 al 3 de diciembre de 2014 en la hermosa ciudad de Valdivia, Regi\u00f3n de Los R\u00edos en Chile. Es justamente en esta ciudad donde se fund\u00f3 la FIA &#8211; Federaci\u00f3n Iberoamericana de Ac\u00fastica. Ese momento hist\u00f3rico se llev\u00f3 a cabo en el contexto de un seminario de estudiantes de Ingenier\u00eda Ac\u00fastica INGEACUS en el a\u00f1o 1994. Este hecho imprime un sello particular a esta versi\u00f3n del Congreso FIA 2014, que esperamos le de realce y tambi\u00e9n la oportunidad de evaluar el desempe\u00f1o de la Federaci\u00f3n estos a\u00f1os, y porqu\u00e9 no, planificar su desarrollo futuro.<\/p>\n<p>La fecha escogida para el Congreso permitir\u00e1 tener un clima primaveral, lo que hace de Valdivia y sus entornos un lugar privilegiado tur\u00edsticamente, con destinos naturales, hist\u00f3ricos y cient\u00edficos tanto en la ciudad como en sus alrededores.\u00a0<\/div>\n<p><span style=\"line-height: 1.5em;\"><div class=\"one-half last\"><\/span><span style=\"color: #0000ff;\">A organiza\u00e7\u00e3o do Nono Congresso Iberoamericano de Ac\u00fastica est\u00e1 a cargo da Sociedade Ac\u00fastica do Chile com o Instituto de Ac\u00fastica e a Escola de Engenharia Ac\u00fastica da Universidad Austral de Chile (AcusticaUACh).<\/span><\/p>\n<p><span style=\"color: #0000ff;\">O Congresso ser\u00e1 realizado nos dias 1 a 3 de dezembro de 2014 na bela cidade de Valdivia, Regi\u00e3o de Los Rios, no Chile. \u00c9 precisamente nesta cidade onde a FIA foi fundada &#8211; Federa\u00e7\u00e3o Ibero-Americana de Ac\u00fastica. Esse momento hist\u00f3rico ocorreu no contexto de um semin\u00e1rio de estudantes de Engenharia Ac\u00fastica INGEACUS em 1994. Este fato imprime um selo especial \u00e0 vers\u00e3o do Congresso FIA 2014, que esperamos lhe d\u00ea destaque e tamb\u00e9m a oportunidade de avaliar o desempenho da Federa\u00e7\u00e3o nesses 20 anos, e por que n\u00e3o planejar o seu desenvolvimento futuro.<\/span><\/p>\n<p><span style=\"color: #0000ff;\">A data escolhida para o Congresso permitir\u00e1 ter um tempo primaveral, tornando Valdivia e seus entornos um lugar privilegiado para o turismo, com destinos naturais, hist\u00f3ricos e cient\u00edficos, tanto na cidade como nas proximidades<\/span>.<\/div><div class=\"clear\"><\/div><\/p>\n<p><span style=\"line-height: 1.5em;\"><div class=\"h-bg\">Sesiones T\u00e9cnicas &#8211; \u00c1reas tem\u00e1ticas del Congreso<\/div><\/span><\/p>\n<p><span style=\"line-height: 1.5em;\"><div class=\"one-half\">\u00a0<\/span><div class=\"bullets\" id=\"sc_bullets_1\"><\/p>\n<ul>\n<li>Ac\u00fastica en la Edificaci\u00f3n<\/li>\n<li>Ac\u00fastica Ambiental<\/li>\n<li>Bioac\u00fastica<\/li>\n<li>Ruido y Vibraciones<\/li>\n<li>Ac\u00fastica Fisiol\u00f3gica y Psicol\u00f3gica<\/li>\n<li>Ac\u00fastica F\u00edsica<\/li>\n<li>Ac\u00fastica Musical<\/li>\n<li>Ac\u00fastica Submarina<\/li>\n<li>Electroac\u00fastica, Instrumentaci\u00f3n y Metrolog\u00eda<\/li>\n<li>Procesado de Se\u00f1ales Ac\u00fasticas y de Vibraci\u00f3n<\/li>\n<li>Ultrasonidos<\/li>\n<li>Normativa Ac\u00fastica<\/li>\n<li>Ruido y Vibraciones en la Industria<\/li>\n<li><span style=\"font-size: 14px; line-height: 1.5em;\">Audio Pofesional<\/span><\/li>\n<\/ul>\n<p><\/div><style>#sc_bullets_1 ul li{background-image:url(https:\/\/www.fia2014.cl\/wp-content\/themes\/fia\/img\/icons\/0234.png)}<\/style>\u00a0<\/div><\/p>\n<p><span style=\"line-height: 1.5em;\"><div class=\"one-half last\">\u00a0<\/span><div class=\"bullets\" id=\"sc_bullets_2\"><\/p>\n<ul>\n<li>Ac\u00fastica de Edifica\u00e7\u00f5es<\/li>\n<li>Ac\u00fastica Ambiental<\/li>\n<li>Bioac\u00fastica<\/li>\n<li>Ru\u00eddo e Vibra\u00e7\u00f5es<\/li>\n<li>Ac\u00fastica Fisiol\u00f3gica e Psicol\u00f3gica<\/li>\n<li>Ac\u00fastica F\u00edsica<\/li>\n<li>Ac\u00fastica Musical<\/li>\n<li>Ac\u00fastica Submarina<\/li>\n<li>Electroac\u00fastica, Instrumenta\u00e7\u00e3o e Metrologia<\/li>\n<li>Processamento de Sinais Ac\u00fasticos e de Vibra\u00e7\u00e3o<\/li>\n<li>Ultrassom<\/li>\n<li>Normativa Ac\u00fastica<\/li>\n<li>Ru\u00eddo e Vibra\u00e7\u00f5es na Ind\u00fastria<\/li>\n<li>\u00c1udio Profissional<\/li>\n<\/ul>\n<p><\/div><style>#sc_bullets_2 ul li{background-image:url(https:\/\/www.fia2014.cl\/wp-content\/themes\/fia\/img\/icons\/0234.png)}<\/style>\u00a0<\/div><div class=\"clear\"><\/div><\/p>\n<p>&nbsp;<\/p>\n<div class=\"h-bg\">Res\u00famenes Aceptados para las Sesiones T\u00e9cnicas del Congreso<\/div>\n<div class=\"one-half\"><a title=\"Trabajos aceptados para Sesiones T\u00e9cnicas\" href=\"http:\/\/www.fia2014.cl\/?page_id=992\">Ver trabajos aceptados para las Sesiones T\u00e9cnicas e instrucciones para art\u00edculos de texto completo.<\/a><\/div>\n<p><div class=\"one-half last\"><span style=\"color: #0000ff;\"><a title=\"Trabajos aceptados para Sesiones T\u00e9cnicas\" href=\"http:\/\/www.fia2014.cl\/?page_id=992\">Ver trabajos aceptados para las Sesiones T\u00e9cnicas e instrucciones para art\u00edculos de texto completo<\/a><span style=\"color: #0000ff;\">.<span style=\"color: #000000;\">\u00a0<\/div><div class=\"clear\"><\/div><\/span><\/span><\/span><\/p>\n","protected":false},"excerpt":{"rendered":"<p>&nbsp;<\/p>\n","protected":false},"author":1,"featured_media":0,"parent":0,"menu_order":0,"comment_status":"open","ping_status":"open","template":"template-full-width.php","meta":{"footnotes":""},"class_list":["post-546","page","type-page","status-publish","hentry"],"_links":{"self":[{"href":"https:\/\/www.fia2014.cl\/index.php?rest_route=\/wp\/v2\/pages\/546","targetHints":{"allow":["GET"]}}],"collection":[{"href":"https:\/\/www.fia2014.cl\/index.php?rest_route=\/wp\/v2\/pages"}],"about":[{"href":"https:\/\/www.fia2014.cl\/index.php?rest_route=\/wp\/v2\/types\/page"}],"author":[{"embeddable":true,"href":"https:\/\/www.fia2014.cl\/index.php?rest_route=\/wp\/v2\/users\/1"}],"replies":[{"embeddable":true,"href":"https:\/\/www.fia2014.cl\/index.php?rest_route=%2Fwp%2Fv2%2Fcomments&post=546"}],"version-history":[{"count":60,"href":"https:\/\/www.fia2014.cl\/index.php?rest_route=\/wp\/v2\/pages\/546\/revisions"}],"predecessor-version":[{"id":1026,"href":"https:\/\/www.fia2014.cl\/index.php?rest_route=\/wp\/v2\/pages\/546\/revisions\/1026"}],"wp:attachment":[{"href":"https:\/\/www.fia2014.cl\/index.php?rest_route=%2Fwp%2Fv2%2Fmedia&parent=546"}],"curies":[{"name":"wp","href":"https:\/\/api.w.org\/{rel}","templated":true}]}}